{"id":461,"date":"2021-01-27T20:22:17","date_gmt":"2021-01-27T23:22:17","guid":{"rendered":"http:\/\/chambaestudio.com.ar\/sinec\/?post_type=expos-y-congresos&#038;p=461"},"modified":"2021-01-27T20:22:17","modified_gmt":"2021-01-27T23:22:17","slug":"expo-solar-colombia-2020-digital","status":"publish","type":"expos-y-congresos","link":"http:\/\/www.grupo-snc.com\/en\/expos-y-congresos\/expo-solar-colombia-2020-digital\/","title":{"rendered":"Expo Solar Colombia 2020 Digital"},"content":{"rendered":"<p><img loading=\"lazy\" decoding=\"async\" class=\"wp-image-166 aligncenter\" src=\"http:\/\/localhost\/grupo-snc\/wp-content\/uploads\/2020\/11\/stand-expo-colombia-300x200.jpg\" alt=\"\" width=\"842\" height=\"561\" srcset=\"http:\/\/www.grupo-snc.com\/wp-content\/uploads\/2020\/11\/stand-expo-colombia-300x200.jpg 300w, http:\/\/www.grupo-snc.com\/wp-content\/uploads\/2020\/11\/stand-expo-colombia.jpg 679w\" sizes=\"(max-width: 842px) 100vw, 842px\" \/><\/p>\n<p><span style=\"font-weight: 400;\">Fecha: del 24 al 28 de Agosto. Horario: de 9 am a 7 pm hora Colombia. Stand n\u00famero 126 del Pabell\u00f3n Verde.<\/span><\/p>\n<p>&nbsp;<\/p>\n<p><span style=\"font-weight: 400;\">\u201cSeminario virtual realizado en Feria Exposolar Colombia 2020, dictado por el Ing. Eduardo Albanez y moderado por la Ing. Daniela Flores, sobre los Estudios El\u00e9ctricos para la integraci\u00f3n de las Energ\u00edas Renovables a las redes el\u00e9ctricas.\u201d<\/span><\/p>\n<p>&nbsp;<\/p>\n<p><iframe loading=\"lazy\" title=\"Seminario ExpoSolar Colombia 2020 | Estudios El\u00e9ctricos para la Integraci\u00f3n de Energ\u00edas Renovables\" width=\"500\" height=\"281\" src=\"https:\/\/www.youtube.com\/embed\/27f4Ob-h9wY?start=73&#038;feature=oembed\" frameborder=\"0\" allow=\"accelerometer; autoplay; clipboard-write; encrypted-media; gyroscope; picture-in-picture; web-share\" referrerpolicy=\"strict-origin-when-cross-origin\" allowfullscreen><\/iframe><\/p>\n","protected":false},"featured_media":484,"template":"","acf":[],"yoast_head":"<!-- This site is optimized with the Yoast SEO plugin v22.7 - https:\/\/yoast.com\/wordpress\/plugins\/seo\/ -->\r\n<title>Expo Solar Colombia 2020 Digital - Grupo SNC<\/title>\r\n<meta name=\"robots\" content=\"index, follow, max-snippet:-1, max-image-preview:large, max-video-preview:-1\" \/>\r\n<link rel=\"canonical\" href=\"http:\/\/www.grupo-snc.com\/en\/expos-y-congresos\/expo-solar-colombia-2020-digital\/\" \/>\r\n<meta property=\"og:locale\" content=\"en_US\" \/>\r\n<meta property=\"og:type\" content=\"article\" \/>\r\n<meta property=\"og:title\" content=\"Expo Solar Colombia 2020 Digital - Grupo SNC\" \/>\r\n<meta property=\"og:description\" content=\"Fecha: del 24 al 28 de Agosto. Horario: de 9 am a 7 pm hora Colombia. Stand n\u00famero 126 del Pabell\u00f3n Verde. &nbsp; \u201cSeminario virtual realizado en Feria Exposolar Colombia 2020, dictado por el Ing. Eduardo Albanez y moderado por la Ing. Daniela Flores, sobre los Estudios El\u00e9ctricos para la integraci\u00f3n de las Energ\u00edas Renovables [&hellip;]\" \/>\r\n<meta property=\"og:url\" content=\"http:\/\/www.grupo-snc.com\/en\/expos-y-congresos\/expo-solar-colombia-2020-digital\/\" \/>\r\n<meta property=\"og:site_name\" content=\"Grupo SNC\" \/>\r\n<meta property=\"og:image\" content=\"http:\/\/www.grupo-snc.com\/wp-content\/uploads\/2020\/11\/stand-expo-colombia.jpg\" \/>\r\n\t<meta property=\"og:image:width\" content=\"679\" \/>\r\n\t<meta property=\"og:image:height\" content=\"453\" \/>\r\n\t<meta property=\"og:image:type\" content=\"image\/jpeg\" \/>\r\n<meta name=\"twitter:card\" content=\"summary_large_image\" \/>\r\n<script type=\"application\/ld+json\" class=\"yoast-schema-graph\">{\"@context\":\"https:\/\/schema.org\",\"@graph\":[{\"@type\":\"WebPage\",\"@id\":\"http:\/\/www.grupo-snc.com\/en\/expos-y-congresos\/expo-solar-colombia-2020-digital\/\",\"url\":\"http:\/\/www.grupo-snc.com\/en\/expos-y-congresos\/expo-solar-colombia-2020-digital\/\",\"name\":\"Expo Solar Colombia 2020 Digital - Grupo SNC\",\"isPartOf\":{\"@id\":\"http:\/\/www.grupo-snc.com\/#website\"},\"primaryImageOfPage\":{\"@id\":\"http:\/\/www.grupo-snc.com\/en\/expos-y-congresos\/expo-solar-colombia-2020-digital\/#primaryimage\"},\"image\":{\"@id\":\"http:\/\/www.grupo-snc.com\/en\/expos-y-congresos\/expo-solar-colombia-2020-digital\/#primaryimage\"},\"thumbnailUrl\":\"http:\/\/www.grupo-snc.com\/wp-content\/uploads\/2020\/11\/stand-expo-colombia.jpg\",\"datePublished\":\"2021-01-27T23:22:17+00:00\",\"dateModified\":\"2021-01-27T23:22:17+00:00\",\"breadcrumb\":{\"@id\":\"http:\/\/www.grupo-snc.com\/en\/expos-y-congresos\/expo-solar-colombia-2020-digital\/#breadcrumb\"},\"inLanguage\":\"en-US\",\"potentialAction\":[{\"@type\":\"ReadAction\",\"target\":[\"http:\/\/www.grupo-snc.com\/en\/expos-y-congresos\/expo-solar-colombia-2020-digital\/\"]}]},{\"@type\":\"ImageObject\",\"inLanguage\":\"en-US\",\"@id\":\"http:\/\/www.grupo-snc.com\/en\/expos-y-congresos\/expo-solar-colombia-2020-digital\/#primaryimage\",\"url\":\"http:\/\/www.grupo-snc.com\/wp-content\/uploads\/2020\/11\/stand-expo-colombia.jpg\",\"contentUrl\":\"http:\/\/www.grupo-snc.com\/wp-content\/uploads\/2020\/11\/stand-expo-colombia.jpg\",\"width\":679,\"height\":453},{\"@type\":\"BreadcrumbList\",\"@id\":\"http:\/\/www.grupo-snc.com\/en\/expos-y-congresos\/expo-solar-colombia-2020-digital\/#breadcrumb\",\"itemListElement\":[{\"@type\":\"ListItem\",\"position\":1,\"name\":\"Portada\",\"item\":\"https:\/\/www.grupo-snc.com\/en\/\"},{\"@type\":\"ListItem\",\"position\":2,\"name\":\"Expos y Congresos\",\"item\":\"http:\/\/www.grupo-snc.com\/en\/expos-y-congresos\/\"},{\"@type\":\"ListItem\",\"position\":3,\"name\":\"Expo Solar Colombia 2020 Digital\"}]},{\"@type\":\"WebSite\",\"@id\":\"http:\/\/www.grupo-snc.com\/#website\",\"url\":\"http:\/\/www.grupo-snc.com\/\",\"name\":\"Grupo SNC\",\"description\":\"Somos una empresa l\u00edder,  con 11 a\u00f1os de trayector\u00eda reconocida en Argentina,  cuyo prop\u00f3sito es brindar soluciones de vanguardia y a medida, en el \u00e1mbito de la energ\u00eda el\u00e9ctrica\",\"potentialAction\":[{\"@type\":\"SearchAction\",\"target\":{\"@type\":\"EntryPoint\",\"urlTemplate\":\"http:\/\/www.grupo-snc.com\/?s={search_term_string}\"},\"query-input\":\"required name=search_term_string\"}],\"inLanguage\":\"en-US\"}]}<\/script>\r\n<!-- \/ Yoast SEO plugin. -->","yoast_head_json":{"title":"Expo Solar Colombia 2020 Digital - Grupo SNC","robots":{"index":"index","follow":"follow","max-snippet":"max-snippet:-1","max-image-preview":"max-image-preview:large","max-video-preview":"max-video-preview:-1"},"canonical":"http:\/\/www.grupo-snc.com\/en\/expos-y-congresos\/expo-solar-colombia-2020-digital\/","og_locale":"en_US","og_type":"article","og_title":"Expo Solar Colombia 2020 Digital - Grupo SNC","og_description":"Fecha: del 24 al 28 de Agosto. Horario: de 9 am a 7 pm hora Colombia. Stand n\u00famero 126 del Pabell\u00f3n Verde. &nbsp; \u201cSeminario virtual realizado en Feria Exposolar Colombia 2020, dictado por el Ing. Eduardo Albanez y moderado por la Ing. Daniela Flores, sobre los Estudios El\u00e9ctricos para la integraci\u00f3n de las Energ\u00edas Renovables [&hellip;]","og_url":"http:\/\/www.grupo-snc.com\/en\/expos-y-congresos\/expo-solar-colombia-2020-digital\/","og_site_name":"Grupo SNC","og_image":[{"width":679,"height":453,"url":"http:\/\/www.grupo-snc.com\/wp-content\/uploads\/2020\/11\/stand-expo-colombia.jpg","type":"image\/jpeg"}],"twitter_card":"summary_large_image","schema":{"@context":"https:\/\/schema.org","@graph":[{"@type":"WebPage","@id":"http:\/\/www.grupo-snc.com\/en\/expos-y-congresos\/expo-solar-colombia-2020-digital\/","url":"http:\/\/www.grupo-snc.com\/en\/expos-y-congresos\/expo-solar-colombia-2020-digital\/","name":"Expo Solar Colombia 2020 Digital - Grupo SNC","isPartOf":{"@id":"http:\/\/www.grupo-snc.com\/#website"},"primaryImageOfPage":{"@id":"http:\/\/www.grupo-snc.com\/en\/expos-y-congresos\/expo-solar-colombia-2020-digital\/#primaryimage"},"image":{"@id":"http:\/\/www.grupo-snc.com\/en\/expos-y-congresos\/expo-solar-colombia-2020-digital\/#primaryimage"},"thumbnailUrl":"http:\/\/www.grupo-snc.com\/wp-content\/uploads\/2020\/11\/stand-expo-colombia.jpg","datePublished":"2021-01-27T23:22:17+00:00","dateModified":"2021-01-27T23:22:17+00:00","breadcrumb":{"@id":"http:\/\/www.grupo-snc.com\/en\/expos-y-congresos\/expo-solar-colombia-2020-digital\/#breadcrumb"},"inLanguage":"en-US","potentialAction":[{"@type":"ReadAction","target":["http:\/\/www.grupo-snc.com\/en\/expos-y-congresos\/expo-solar-colombia-2020-digital\/"]}]},{"@type":"ImageObject","inLanguage":"en-US","@id":"http:\/\/www.grupo-snc.com\/en\/expos-y-congresos\/expo-solar-colombia-2020-digital\/#primaryimage","url":"http:\/\/www.grupo-snc.com\/wp-content\/uploads\/2020\/11\/stand-expo-colombia.jpg","contentUrl":"http:\/\/www.grupo-snc.com\/wp-content\/uploads\/2020\/11\/stand-expo-colombia.jpg","width":679,"height":453},{"@type":"BreadcrumbList","@id":"http:\/\/www.grupo-snc.com\/en\/expos-y-congresos\/expo-solar-colombia-2020-digital\/#breadcrumb","itemListElement":[{"@type":"ListItem","position":1,"name":"Portada","item":"https:\/\/www.grupo-snc.com\/en\/"},{"@type":"ListItem","position":2,"name":"Expos y Congresos","item":"http:\/\/www.grupo-snc.com\/en\/expos-y-congresos\/"},{"@type":"ListItem","position":3,"name":"Expo Solar Colombia 2020 Digital"}]},{"@type":"WebSite","@id":"http:\/\/www.grupo-snc.com\/#website","url":"http:\/\/www.grupo-snc.com\/","name":"Grupo SNC","description":"Somos una empresa l\u00edder,  con 11 a\u00f1os de trayector\u00eda reconocida en Argentina,  cuyo prop\u00f3sito es brindar soluciones de vanguardia y a medida, en el \u00e1mbito de la energ\u00eda el\u00e9ctrica","potentialAction":[{"@type":"SearchAction","target":{"@type":"EntryPoint","urlTemplate":"http:\/\/www.grupo-snc.com\/?s={search_term_string}"},"query-input":"required name=search_term_string"}],"inLanguage":"en-US"}]}},"_links":{"self":[{"href":"http:\/\/www.grupo-snc.com\/en\/wp-json\/wp\/v2\/expos-y-congresos\/461"}],"collection":[{"href":"http:\/\/www.grupo-snc.com\/en\/wp-json\/wp\/v2\/expos-y-congresos"}],"about":[{"href":"http:\/\/www.grupo-snc.com\/en\/wp-json\/wp\/v2\/types\/expos-y-congresos"}],"wp:featuredmedia":[{"embeddable":true,"href":"http:\/\/www.grupo-snc.com\/en\/wp-json\/wp\/v2\/media\/484"}],"wp:attachment":[{"href":"http:\/\/www.grupo-snc.com\/en\/wp-json\/wp\/v2\/media?parent=461"}],"curies":[{"name":"wp","href":"https:\/\/api.w.org\/{rel}","templated":true}]}}